{"id":47,"date":"2022-12-07T17:07:43","date_gmt":"2022-12-07T16:07:43","guid":{"rendered":"https:\/\/conscuritiba.esteri.it\/\/?page_id=47"},"modified":"2023-03-17T11:25:39","modified_gmt":"2023-03-17T14:25:39","slug":"dal_consolato","status":"publish","type":"page","link":"https:\/\/conscuritiba.esteri.it\/it\/news\/dal_consolato\/","title":{"rendered":"Dal Consolato"},"content":{"rendered":"        <div class=\"row\">\n\t\t\t<!-- Ricerca sedi post -->\n\t\t\t<div class=\"col-12 mt-4\">\n\t\t\t  <div class=\"callout callout-highlight note ricerca-esteri p-4\">\n                    <div class=\"callout-title\">\n                        <svg class=\"icon\">\n                            <use xlink:href=\"https:\/\/conscuritiba.esteri.it\/wp-content\/themes\/sedi-tema\/assets\/svg\/sprites.svg#it-search\"><\/use>\n                        <\/svg>Inserisci i parametri di ricerca                    <\/div>\n                    <form id=\"searchFormPost\" name=\"form-search-post\" class=\"form-row align-items-center\" action=\"https:\/\/conscuritiba.esteri.it\/it\/wp-json\/wp\/v2\/pages\/47\/\" method=\"GET\"> \n                        <!-- <div class=\"form-group pt-5\"> -->\n                            <!-- <input type=\"hidden\" id=\"lang\" name=\"lang\" value=\"\"> --> <!-- <\/div> -->\n\n                        <div class=\"it-datepicker-wrapper\">\n                            <div class=\"row\">\n                                <div class=\"form-group col-md-6\">\n                                    <label class=\"active\" for=\"date-init\">Dal<\/label>\n                                    <input class=\"form-control\" name=\"date-init\" id=\"date-init\" type=\"date\" placeholder=\"gg\/mm\/aaaa\" value=\"\"lang=\"en-EN\">  \n                                <\/div>\n                                <div class=\"form-group col-md-6\">\n                                    <label class=\"active\" for=\"date-end\">Al<\/label>\n                                    <input class=\"form-control\" name=\"date-end\" id=\"date-end\" type=\"date\" placeholder=\"gg\/mm\/aaaa\" value=\"\">\n                                <\/div>\n                            <\/div>\n                        <\/div>\n                        <div class=\"form-group col-md-12 mt-3\">\n                            <label for=\"searchText\">Campo ricerca libera<\/label>\n                            <input type=\"text\" name=\"searchText\" class=\"form-control\" id=\"searchText\" value=\"\">\n                        <\/div>\n                        <div class=\"form-group col-md-4 offset-md-8 text-end\">\n                            <a href=\"https:\/\/conscuritiba.esteri.it\/it\/news\/dal_consolato\/\" title=\"Form reset\" id=\"resetImput\" class=\"btn btn-outline-primary btn-xs\">Reset<\/a>\n                            <button type=\"submit\" class=\"btn btn-primary btn-xs\">Mostra risultati<\/button>\n                        <\/div>\n                    <\/form>\n\t\t\t\t<\/div>\n\t\t\t<\/div>\n\t\t<\/div>\n                    \n            <div class=\"row\">\n                            <div class=\"col-12 mt-3\">\n                <!--start card-->\n                <div class=\"card-wrapper card-space\">\n                    <div class=\"card card-bg card-big border-bottom-card\">\n                        <div class=\"card-body \">\n                                                        <div class=\"category-top\">\n                                                                                                            <span class=\"\">\n                                        <svg class=\"icon icon-secondary\">\n                                            <use xlink:href=\"https:\/\/conscuritiba.esteri.it\/wp-content\/themes\/sedi-tema\/assets\/svg\/sprites.svg#it-calendar\"><\/use>\n                                        <\/svg> 28 Agosto 2026                                    <\/span>\n                                                                    <\/div>\n                            <h5 class=\"card-title big-heading text-uppercase\"><a class=\"text-body text-decoration-none\" href=\"https:\/\/conscuritiba.esteri.it\/it\/news\/dal_consolato\/2026\/08\/graduatoria-finale-degli-idonei-avviso-di-assunzione-per-un-impiegato-a-contratto-da-adibire-ai-servizi-di-assistente-amministrativo-presso-il-consolato-generale-ditalia-in-curitiba\/\" title=\"Graduatoria finale degli idonei \u2013 Avviso di assunzione per un impiegato a contratto da adibire ai servizi di Assistente Amministrativo presso il Consolato Generale d\u2019Italia in Curitiba\">Graduatoria finale degli idonei \u2013 Avviso di assunzione per un impiegato a contratto da adibire ai servizi di Assistente Amministrativo presso il Consolato Generale d\u2019Italia in Curitiba<\/a><\/h5>\n                            <p class=\"card-text\">Graduatoria finale degli idonei<\/p>\n                                <a title=\"Graduatoria finale degli idonei \u2013 Avviso di assunzione per un impiegato a contratto da adibire ai servizi di Assistente Amministrativo presso il Consolato Generale d\u2019Italia in Curitiba\" class=\"read-more\" href=\"https:\/\/conscuritiba.esteri.it\/it\/news\/dal_consolato\/2026\/08\/graduatoria-finale-degli-idonei-avviso-di-assunzione-per-un-impiegato-a-contratto-da-adibire-ai-servizi-di-assistente-amministrativo-presso-il-consolato-generale-ditalia-in-curitiba\/\">\n                                    <span class=\"text\">Leggi di pi\u00f9<\/span>\n                                    <svg class=\"icon\">\n                                    <use xlink:href=\"https:\/\/conscuritiba.esteri.it\/wp-content\/themes\/sedi-tema\/assets\/svg\/sprites.svg#it-arrow-right\"><\/use>\n                                    <\/svg>\n                                <\/a>\n                                                    <\/div>\n                    <\/div>\n                <\/div>\n                <!--end card-->\n                <\/div><!-- col-12 .mt-3-->\n                            <div class=\"col-12 mt-3\">\n                <!--start card-->\n                <div class=\"card-wrapper card-space\">\n                    <div class=\"card card-bg card-big border-bottom-card\">\n                        <div class=\"card-body \">\n                                                        <div class=\"category-top\">\n                                                                                                            <span class=\"\">\n                                        <svg class=\"icon icon-secondary\">\n                                            <use xlink:href=\"https:\/\/conscuritiba.esteri.it\/wp-content\/themes\/sedi-tema\/assets\/svg\/sprites.svg#it-calendar\"><\/use>\n                                        <\/svg> 19 Agosto 2026                                    <\/span>\n                                                                    <\/div>\n                            <h5 class=\"card-title big-heading text-uppercase\"><a class=\"text-body text-decoration-none\" href=\"https:\/\/conscuritiba.esteri.it\/it\/news\/dal_consolato\/2026\/08\/ppredisposizione-e-presentazione-liste-elettorali\/\" title=\"PPREDISPOSIZIONE E PRESENTAZIONE LISTE ELETTORALI\">PPREDISPOSIZIONE E PRESENTAZIONE LISTE ELETTORALI<\/a><\/h5>\n                            <p class=\"card-text\">Nel 2026 avranno luogo le\u00a0elezioni\u00a0per il rinnovo dei Comitati degli Italiani all\u2019Estero (Com.It.Es.). Ai sensi dell\u2019art. 14 del DPR 395\/2003, le liste possono essere\u00a0presentate all\u2019Ufficio elettorale\u00a0nelle ore d\u2019ufficio\u00a0dal ventesimo al trentesimo giorno successivo all\u2019indizione. L\u2019indizione non \u00e8 ancora stata effettuata ma la raccolta delle firme, la sottoscrizione delle liste e le relative autentiche possono avvenire [&hellip;]<\/p>\n                                <a title=\"PPREDISPOSIZIONE E PRESENTAZIONE LISTE ELETTORALI\" class=\"read-more\" href=\"https:\/\/conscuritiba.esteri.it\/it\/news\/dal_consolato\/2026\/08\/ppredisposizione-e-presentazione-liste-elettorali\/\">\n                                    <span class=\"text\">Leggi di pi\u00f9<\/span>\n                                    <svg class=\"icon\">\n                                    <use xlink:href=\"https:\/\/conscuritiba.esteri.it\/wp-content\/themes\/sedi-tema\/assets\/svg\/sprites.svg#it-arrow-right\"><\/use>\n                                    <\/svg>\n                                <\/a>\n                                                    <\/div>\n                    <\/div>\n                <\/div>\n                <!--end card-->\n                <\/div><!-- col-12 .mt-3-->\n                            <div class=\"col-12 mt-3\">\n                <!--start card-->\n                <div class=\"card-wrapper card-space\">\n                    <div class=\"card card-bg card-big border-bottom-card\">\n                        <div class=\"card-body \">\n                                                        <div class=\"category-top\">\n                                                                                                            <span class=\"\">\n                                        <svg class=\"icon icon-secondary\">\n                                            <use xlink:href=\"https:\/\/conscuritiba.esteri.it\/wp-content\/themes\/sedi-tema\/assets\/svg\/sprites.svg#it-calendar\"><\/use>\n                                        <\/svg> 14 Agosto 2026                                    <\/span>\n                                                                    <\/div>\n                            <h5 class=\"card-title big-heading text-uppercase\"><a class=\"text-body text-decoration-none\" href=\"https:\/\/conscuritiba.esteri.it\/it\/news\/dal_consolato\/2026\/08\/elezioni-comites-2026-modalita-per-la-richiesta-di-iscrizione-nellelenco-elettorale\/\" title=\"ELEZIONI COMITES 2026 &#8211; MODALITA\u2019 PER LA RICHIESTA DI ISCRIZIONE NELL\u2019ELENCO ELETTORALE\">ELEZIONI COMITES 2026 &#8211; MODALITA\u2019 PER LA RICHIESTA DI ISCRIZIONE NELL\u2019ELENCO ELETTORALE<\/a><\/h5>\n                            <p class=\"card-text\">Elezione dei Comitati degli italiani all\u2019estero &#8211; COMITES 2026 MODALITA\u2019 PER LA RICHIESTA DI ISCRIZIONE NELL\u2019ELENCO ELETTORALE Le elezioni per il rinnovo e l\u2019istituzione dei COMITES si terranno entro la fine del 2026. I Comitati degli italiani all\u2019estero sono organi di rappresentanza della collettivit\u00e0 italiana nei rapporti con le rappresentanze diplomatico-consolari e operano per l\u2019integrazione [&hellip;]<\/p>\n                                <a title=\"ELEZIONI COMITES 2026 &#8211; MODALITA\u2019 PER LA RICHIESTA DI ISCRIZIONE NELL\u2019ELENCO ELETTORALE\" class=\"read-more\" href=\"https:\/\/conscuritiba.esteri.it\/it\/news\/dal_consolato\/2026\/08\/elezioni-comites-2026-modalita-per-la-richiesta-di-iscrizione-nellelenco-elettorale\/\">\n                                    <span class=\"text\">Leggi di pi\u00f9<\/span>\n                                    <svg class=\"icon\">\n                                    <use xlink:href=\"https:\/\/conscuritiba.esteri.it\/wp-content\/themes\/sedi-tema\/assets\/svg\/sprites.svg#it-arrow-right\"><\/use>\n                                    <\/svg>\n                                <\/a>\n                                                    <\/div>\n                    <\/div>\n                <\/div>\n                <!--end card-->\n                <\/div><!-- col-12 .mt-3-->\n                            <div class=\"col-12 mt-3\">\n                <!--start card-->\n                <div class=\"card-wrapper card-space\">\n                    <div class=\"card card-bg card-big border-bottom-card\">\n                        <div class=\"card-body \">\n                                                        <div class=\"category-top\">\n                                                                                                            <span class=\"\">\n                                        <svg class=\"icon icon-secondary\">\n                                            <use xlink:href=\"https:\/\/conscuritiba.esteri.it\/wp-content\/themes\/sedi-tema\/assets\/svg\/sprites.svg#it-calendar\"><\/use>\n                                        <\/svg> 7 Agosto 2026                                    <\/span>\n                                                                    <\/div>\n                            <h5 class=\"card-title big-heading text-uppercase\"><a class=\"text-body text-decoration-none\" href=\"https:\/\/conscuritiba.esteri.it\/it\/news\/dal_consolato\/2026\/08\/70-anniversario-della-tragedia-di-marcinelle-e-della-25a-giornata-nazionale-del-sacrificio-del-lavoro-italiano-nel-mondo\/\" title=\"70\u00b0 ANNIVERSARIO DELLA TRAGEDIA DI MARCINELLE E DELLA 25\u00aa GIORNATA NAZIONALE DEL SACRIFICIO DEL LAVORO ITALIANO NEL MONDO\">70\u00b0 ANNIVERSARIO DELLA TRAGEDIA DI MARCINELLE E DELLA 25\u00aa GIORNATA NAZIONALE DEL SACRIFICIO DEL LAVORO ITALIANO NEL MONDO<\/a><\/h5>\n                            <p class=\"card-text\">MESSAGGIO DEL VICE PRESIDENTE DEL CONSIGLIO DEI MINISTRI E MINISTRO DEGLI AFFARI ESTERI E DELLA COOPERAZIONE INTERNAZIONALE, ON. ANTONIO TAJANI (Marcinelle, 8 agosto 2026) Settant\u2019anni fa, l\u20198 agosto 1956, Marcinelle entr\u00f2 per sempre nella memoria collettiva del nostro Paese e dell\u2019Europa. Nel pozzo del Bois du Cazier persero la vita 262 lavoratori di dodici nazionalit\u00e0, [&hellip;]<\/p>\n                                <a title=\"70\u00b0 ANNIVERSARIO DELLA TRAGEDIA DI MARCINELLE E DELLA 25\u00aa GIORNATA NAZIONALE DEL SACRIFICIO DEL LAVORO ITALIANO NEL MONDO\" class=\"read-more\" href=\"https:\/\/conscuritiba.esteri.it\/it\/news\/dal_consolato\/2026\/08\/70-anniversario-della-tragedia-di-marcinelle-e-della-25a-giornata-nazionale-del-sacrificio-del-lavoro-italiano-nel-mondo\/\">\n                                    <span class=\"text\">Leggi di pi\u00f9<\/span>\n                                    <svg class=\"icon\">\n                                    <use xlink:href=\"https:\/\/conscuritiba.esteri.it\/wp-content\/themes\/sedi-tema\/assets\/svg\/sprites.svg#it-arrow-right\"><\/use>\n                                    <\/svg>\n                                <\/a>\n                                                    <\/div>\n                    <\/div>\n                <\/div>\n                <!--end card-->\n                <\/div><!-- col-12 .mt-3-->\n                            <div class=\"col-12 mt-3\">\n                <!--start card-->\n                <div class=\"card-wrapper card-space\">\n                    <div class=\"card card-bg card-big border-bottom-card\">\n                        <div class=\"card-body \">\n                                                        <div class=\"category-top\">\n                                                                                                            <span class=\"\">\n                                        <svg class=\"icon icon-secondary\">\n                                            <use xlink:href=\"https:\/\/conscuritiba.esteri.it\/wp-content\/themes\/sedi-tema\/assets\/svg\/sprites.svg#it-calendar\"><\/use>\n                                        <\/svg> 22 Luglio 2026                                    <\/span>\n                                                                    <\/div>\n                            <h5 class=\"card-title big-heading text-uppercase\"><a class=\"text-body text-decoration-none\" href=\"https:\/\/conscuritiba.esteri.it\/it\/news\/dal_consolato\/2026\/07\/elezioni-comites-2026\/\" title=\"ELEZIONI COMITES 2026\">ELEZIONI COMITES 2026<\/a><\/h5>\n                            <p class=\"card-text\">Nel 2026 avranno luogo le elezioni per il per il rinnovo dei Comitati degli Italiani all\u2019Estero (Com.It.Es). I Com.It.Es. sono organismi che rappresentano i connazionali all\u2019estero nei rapporti con Ambasciate e Consolati e ne favoriscono l\u2019integrazione. Hanno inoltre il compito di preservare la memoria storica dell\u2019emigrazione italiana e valorizzare il contributo italiano nelle societ\u00e0 in [&hellip;]<\/p>\n                                <a title=\"ELEZIONI COMITES 2026\" class=\"read-more\" href=\"https:\/\/conscuritiba.esteri.it\/it\/news\/dal_consolato\/2026\/07\/elezioni-comites-2026\/\">\n                                    <span class=\"text\">Leggi di pi\u00f9<\/span>\n                                    <svg class=\"icon\">\n                                    <use xlink:href=\"https:\/\/conscuritiba.esteri.it\/wp-content\/themes\/sedi-tema\/assets\/svg\/sprites.svg#it-arrow-right\"><\/use>\n                                    <\/svg>\n                                <\/a>\n                                                    <\/div>\n                    <\/div>\n                <\/div>\n                <!--end card-->\n                <\/div><!-- col-12 .mt-3-->\n                            <div class=\"col-12 mt-3\">\n                <!--start card-->\n                <div class=\"card-wrapper card-space\">\n                    <div class=\"card card-bg card-big border-bottom-card\">\n                        <div class=\"card-body \">\n                                                        <div class=\"category-top\">\n                                                                                                            <span class=\"\">\n                                        <svg class=\"icon icon-secondary\">\n                                            <use xlink:href=\"https:\/\/conscuritiba.esteri.it\/wp-content\/themes\/sedi-tema\/assets\/svg\/sprites.svg#it-calendar\"><\/use>\n                                        <\/svg> 6 Luglio 2026                                    <\/span>\n                                                                    <\/div>\n                            <h5 class=\"card-title big-heading text-uppercase\"><a class=\"text-body text-decoration-none\" href=\"https:\/\/conscuritiba.esteri.it\/it\/news\/dal_consolato\/2026\/07\/avviso-di-assunzione-di-impiegato-a-contratto\/\" title=\"AVVISO DI ASSUNZIONE DI IMPIEGATO A CONTRATTO\">AVVISO DI ASSUNZIONE DI IMPIEGATO A CONTRATTO<\/a><\/h5>\n                            <p class=\"card-text\">\u00c8 indetta una procedura di selezione per l&#8217;assunzione di n. 1 (uno) impiegato a contratto da adibire ai servizi di Assistente amministrativo. Le domande di ammissione alle prove per l&#8217;assunzione dovranno essere presentate entro e non oltre le ore 24:00 del giorno 21\/07\/2026. Per consultare l&#8217;avviso cliccare qui. Per consultare il modello fac-simile di domanda [&hellip;]<\/p>\n                                <a title=\"AVVISO DI ASSUNZIONE DI IMPIEGATO A CONTRATTO\" class=\"read-more\" href=\"https:\/\/conscuritiba.esteri.it\/it\/news\/dal_consolato\/2026\/07\/avviso-di-assunzione-di-impiegato-a-contratto\/\">\n                                    <span class=\"text\">Leggi di pi\u00f9<\/span>\n                                    <svg class=\"icon\">\n                                    <use xlink:href=\"https:\/\/conscuritiba.esteri.it\/wp-content\/themes\/sedi-tema\/assets\/svg\/sprites.svg#it-arrow-right\"><\/use>\n                                    <\/svg>\n                                <\/a>\n                                                    <\/div>\n                    <\/div>\n                <\/div>\n                <!--end card-->\n                <\/div><!-- col-12 .mt-3-->\n                            <div class=\"col-12 mt-3\">\n                <!--start card-->\n                <div class=\"card-wrapper card-space\">\n                    <div class=\"card card-bg card-big border-bottom-card\">\n                        <div class=\"card-body \">\n                                                        <div class=\"category-top\">\n                                                                                                            <span class=\"\">\n                                        <svg class=\"icon icon-secondary\">\n                                            <use xlink:href=\"https:\/\/conscuritiba.esteri.it\/wp-content\/themes\/sedi-tema\/assets\/svg\/sprites.svg#it-calendar\"><\/use>\n                                        <\/svg> 24 Giugno 2026                                    <\/span>\n                                                                    <\/div>\n                            <h5 class=\"card-title big-heading text-uppercase\"><a class=\"text-body text-decoration-none\" href=\"https:\/\/conscuritiba.esteri.it\/it\/news\/dal_consolato\/2026\/06\/festival-8-%c2%bd-festa-do-cinema-italiano-por-generali\/\" title=\"FESTIVAL \u201c8 \u00bd FESTA DO CINEMA ITALIANO POR GENERALI\u201d\">FESTIVAL \u201c8 \u00bd FESTA DO CINEMA ITALIANO POR GENERALI\u201d<\/a><\/h5>\n                            <p class=\"card-text\">Ormai tradizione nel calendario culturale brasiliano, il pi\u00f9 importante evento dedicato al cinema italiano nei Paesi lusofoni torna in Brasile nel 2026 e celebra la sua 13\u00aa edizione in questo Paese. L\u2019edizione brasiliana di quest\u2019anno coinvolge 17 citt\u00e0: Curitiba, Florian\u00f3polis, Bras\u00edlia, S\u00e3o Paulo, Rio de Janeiro, Belo Horizonte, Porto Alegre, Salvador, Recife, Fortaleza, Macei\u00f3, Jo\u00e3o [&hellip;]<\/p>\n                                <a title=\"FESTIVAL \u201c8 \u00bd FESTA DO CINEMA ITALIANO POR GENERALI\u201d\" class=\"read-more\" href=\"https:\/\/conscuritiba.esteri.it\/it\/news\/dal_consolato\/2026\/06\/festival-8-%c2%bd-festa-do-cinema-italiano-por-generali\/\">\n                                    <span class=\"text\">Leggi di pi\u00f9<\/span>\n                                    <svg class=\"icon\">\n                                    <use xlink:href=\"https:\/\/conscuritiba.esteri.it\/wp-content\/themes\/sedi-tema\/assets\/svg\/sprites.svg#it-arrow-right\"><\/use>\n                                    <\/svg>\n                                <\/a>\n                                                    <\/div>\n                    <\/div>\n                <\/div>\n                <!--end card-->\n                <\/div><!-- col-12 .mt-3-->\n                            <div class=\"col-12 mt-3\">\n                <!--start card-->\n                <div class=\"card-wrapper card-space\">\n                    <div class=\"card card-bg card-big border-bottom-card\">\n                        <div class=\"card-body \">\n                                                        <div class=\"category-top\">\n                                                                                                            <span class=\"\">\n                                        <svg class=\"icon icon-secondary\">\n                                            <use xlink:href=\"https:\/\/conscuritiba.esteri.it\/wp-content\/themes\/sedi-tema\/assets\/svg\/sprites.svg#it-calendar\"><\/use>\n                                        <\/svg> 29 Maggio 2026                                    <\/span>\n                                                                    <\/div>\n                            <h5 class=\"card-title big-heading text-uppercase\"><a class=\"text-body text-decoration-none\" href=\"https:\/\/conscuritiba.esteri.it\/it\/news\/dal_consolato\/2026\/05\/giornata-delleuropa\/\" title=\"GIORNATA DELL\u2019EUROPA\">GIORNATA DELL\u2019EUROPA<\/a><\/h5>\n                            <p class=\"card-text\">Un\u2019intera giornata per vivere la cultura europea a Curitiba! &nbsp; Il 30 maggio, il Dia da Europa Curitiba animer\u00e0 Espa\u00e7o A Fabrika con una programmazione speciale dalle 10:00 alle 19:00, tra gastronomia, musica, danza, teatro, conferenze, lezioni tematiche, attivit\u00e0 per bambini ed esperienze culturali dedicate a diversi paesi europei. &nbsp; Nel corso della giornata, il [&hellip;]<\/p>\n                                <a title=\"GIORNATA DELL\u2019EUROPA\" class=\"read-more\" href=\"https:\/\/conscuritiba.esteri.it\/it\/news\/dal_consolato\/2026\/05\/giornata-delleuropa\/\">\n                                    <span class=\"text\">Leggi di pi\u00f9<\/span>\n                                    <svg class=\"icon\">\n                                    <use xlink:href=\"https:\/\/conscuritiba.esteri.it\/wp-content\/themes\/sedi-tema\/assets\/svg\/sprites.svg#it-arrow-right\"><\/use>\n                                    <\/svg>\n                                <\/a>\n                                                    <\/div>\n                    <\/div>\n                <\/div>\n                <!--end card-->\n                <\/div><!-- col-12 .mt-3-->\n                            <div class=\"col-12 mt-3\">\n                <!--start card-->\n                <div class=\"card-wrapper card-space\">\n                    <div class=\"card card-bg card-big border-bottom-card\">\n                        <div class=\"card-body \">\n                                                        <div class=\"category-top\">\n                                                                                                            <span class=\"\">\n                                        <svg class=\"icon icon-secondary\">\n                                            <use xlink:href=\"https:\/\/conscuritiba.esteri.it\/wp-content\/themes\/sedi-tema\/assets\/svg\/sprites.svg#it-calendar\"><\/use>\n                                        <\/svg> 24 Aprile 2026                                    <\/span>\n                                                                    <\/div>\n                            <h5 class=\"card-title big-heading text-uppercase\"><a class=\"text-body text-decoration-none\" href=\"https:\/\/conscuritiba.esteri.it\/it\/news\/dal_consolato\/2026\/04\/invest-your-talent-in-italy-bando-2026-2027\/\" title=\"Invest Your Talent in Italy \u2013 bando 2026\/2027\">Invest Your Talent in Italy \u2013 bando 2026\/2027<\/a><\/h5>\n                            <p class=\"card-text\">\u00c8 stato pubblicato il bando per l\u2019anno accademico 2026\u20132027 del programma\u00a0Invest Your Talent in Italy, iniziativa promossa dal Ministero degli Affari Esteri e della Cooperazione Internazionale volta ad attrarre studenti internazionali altamente qualificati. Il programma \u00e8 rivolto a candidati provenienti da 23 Paesi prioritari e offre l\u2019opportunit\u00e0 di frequentare corsi di laurea magistrale o master [&hellip;]<\/p>\n                                <a title=\"Invest Your Talent in Italy \u2013 bando 2026\/2027\" class=\"read-more\" href=\"https:\/\/conscuritiba.esteri.it\/it\/news\/dal_consolato\/2026\/04\/invest-your-talent-in-italy-bando-2026-2027\/\">\n                                    <span class=\"text\">Leggi di pi\u00f9<\/span>\n                                    <svg class=\"icon\">\n                                    <use xlink:href=\"https:\/\/conscuritiba.esteri.it\/wp-content\/themes\/sedi-tema\/assets\/svg\/sprites.svg#it-arrow-right\"><\/use>\n                                    <\/svg>\n                                <\/a>\n                                                    <\/div>\n                    <\/div>\n                <\/div>\n                <!--end card-->\n                <\/div><!-- col-12 .mt-3-->\n                            <div class=\"col-12 mt-3\">\n                <!--start card-->\n                <div class=\"card-wrapper card-space\">\n                    <div class=\"card card-bg card-big border-bottom-card\">\n                        <div class=\"card-body \">\n                                                        <div class=\"category-top\">\n                                                                                                            <span class=\"\">\n                                        <svg class=\"icon icon-secondary\">\n                                            <use xlink:href=\"https:\/\/conscuritiba.esteri.it\/wp-content\/themes\/sedi-tema\/assets\/svg\/sprites.svg#it-calendar\"><\/use>\n                                        <\/svg> 16 Marzo 2026                                    <\/span>\n                                                                    <\/div>\n                            <h5 class=\"card-title big-heading text-uppercase\"><a class=\"text-body text-decoration-none\" href=\"https:\/\/conscuritiba.esteri.it\/it\/news\/dal_consolato\/2026\/03\/richiesta-duplicato-plico-elettorale-referendum\/\" title=\"Richiesta duplicato plico elettorale \u2013 Referendum\">Richiesta duplicato plico elettorale \u2013 Referendum<\/a><\/h5>\n                            <p class=\"card-text\">I cittadini che non avessero ricevuto il certificato elettorale e l\u2019occorrente per esercitare il diritto di voto, possono richiedere un duplicato di persona, via posta o via posta elettronica ordinaria (all\u2019indirizzo curitiba.elettorale@esteri.it) fino all\u2019ultimo giorno utile previsto dalla legge per la ricezione delle schede in Consolato (ossia il 19 marzo alle ore 16.00). La richiesta [&hellip;]<\/p>\n                                <a title=\"Richiesta duplicato plico elettorale \u2013 Referendum\" class=\"read-more\" href=\"https:\/\/conscuritiba.esteri.it\/it\/news\/dal_consolato\/2026\/03\/richiesta-duplicato-plico-elettorale-referendum\/\">\n                                    <span class=\"text\">Leggi di pi\u00f9<\/span>\n                                    <svg class=\"icon\">\n                                    <use xlink:href=\"https:\/\/conscuritiba.esteri.it\/wp-content\/themes\/sedi-tema\/assets\/svg\/sprites.svg#it-arrow-right\"><\/use>\n                                    <\/svg>\n                                <\/a>\n                                                    <\/div>\n                    <\/div>\n                <\/div>\n                <!--end card-->\n                <\/div><!-- col-12 .mt-3-->\n            \n            <div class=\"col-md-12 mt-4 pb-4\">\n                <nav class=\"navigation col-md-12\" aria-label=\"Navigation\">\n                    <h2 class=\"screen-reader-text visually-hidden\">Paginazione<\/h2>\n                    <div class=\"nav-links\">\n                    <span aria-current=\"page\" class=\"page-numbers current\">1<\/span>\n<a class=\"page-numbers\" href=\"https:\/\/conscuritiba.esteri.it\/it\/wp-json\/wp\/v2\/pages\/47\/?pag=2\">2<\/a>\n<a class=\"page-numbers\" href=\"https:\/\/conscuritiba.esteri.it\/it\/wp-json\/wp\/v2\/pages\/47\/?pag=3\">3<\/a>\n<span class=\"page-numbers dots\">&hellip;<\/span>\n<a class=\"page-numbers\" href=\"https:\/\/conscuritiba.esteri.it\/it\/wp-json\/wp\/v2\/pages\/47\/?pag=14\">14<\/a>\n<a class=\"next page-numbers\" href=\"https:\/\/conscuritiba.esteri.it\/it\/wp-json\/wp\/v2\/pages\/47\/?pag=2\"><svg class=\"icon icon-primary\"><use xlink:href=\"https:\/\/conscuritiba.esteri.it\/wp-content\/themes\/sedi-tema\/assets\/svg\/sprites.svg#it-chevron-right\"><\/use><\/svg>\n                                    <span class=\"visually-hidden\">Pagina successiva<\/span><\/a>                    <\/div>\n                <\/nav>\n            <\/div>   <!--.col-md-12 -->\n              <\/div><!--.row -->\n              \n","protected":false},"excerpt":{"rendered":"","protected":false},"author":3,"featured_media":0,"parent":16,"menu_order":0,"comment_status":"closed","ping_status":"closed","template":"","meta":{"footnotes":""},"class_list":["post-47","page","type-page","status-publish","hentry"],"_links":{"self":[{"href":"https:\/\/conscuritiba.esteri.it\/it\/wp-json\/wp\/v2\/pages\/47","targetHints":{"allow":["GET"]}}],"collection":[{"href":"https:\/\/conscuritiba.esteri.it\/it\/wp-json\/wp\/v2\/pages"}],"about":[{"href":"https:\/\/conscuritiba.esteri.it\/it\/wp-json\/wp\/v2\/types\/page"}],"author":[{"embeddable":true,"href":"https:\/\/conscuritiba.esteri.it\/it\/wp-json\/wp\/v2\/users\/3"}],"replies":[{"embeddable":true,"href":"https:\/\/conscuritiba.esteri.it\/it\/wp-json\/wp\/v2\/comments?post=47"}],"version-history":[{"count":2,"href":"https:\/\/conscuritiba.esteri.it\/it\/wp-json\/wp\/v2\/pages\/47\/revisions"}],"predecessor-version":[{"id":917,"href":"https:\/\/conscuritiba.esteri.it\/it\/wp-json\/wp\/v2\/pages\/47\/revisions\/917"}],"up":[{"embeddable":true,"href":"https:\/\/conscuritiba.esteri.it\/it\/wp-json\/wp\/v2\/pages\/16"}],"wp:attachment":[{"href":"https:\/\/conscuritiba.esteri.it\/it\/wp-json\/wp\/v2\/media?parent=47"}],"curies":[{"name":"wp","href":"https:\/\/api.w.org\/{rel}","templated":true}]}}