{"id":680,"date":"2022-12-14T20:01:18","date_gmt":"2022-12-14T19:01:18","guid":{"rendered":"https:\/\/conscuritiba.esteri.it\/\/italia-e-brasile\/diplomazia-economica\/fare-affari-in-brasile\/sportello-unico\/ice-locale\/"},"modified":"2022-12-14T20:01:18","modified_gmt":"2022-12-14T19:01:18","slug":"ice-locale","status":"publish","type":"page","link":"https:\/\/conscuritiba.esteri.it\/pt\/italia-e-brasile\/diplomazia-economica\/fare-affari-in-brasile\/sportello-unico\/ice-locale\/","title":{"rendered":"Ice Locale"},"content":{"rendered":"<p>Istituto Nazionale per il Commercio con l&#8217;estero<br \/>\nAv. Paulista, 1963 &#8211; 4\u00ba piano 01311-300 San Paolo (SP)<br \/>\nTel. (011) 2148-7250<\/p>\n<p><span class=\"u-textWeight-600\">E-mail:<\/span>\u00a0<a href=\"mailto:sanpaolo@ice.it\">sanpaolo@ice.it<\/a><\/p>\n<div class=\"u-margin-top-xs ice-office-info-pec\"><span class=\"u-textWeight-600\">Pec:<\/span>\u00a0<a href=\"mailto:sanpaolo@cert.ice.it\">sanpaolo@cert.ice.it<\/a><\/div>\n<div><\/div>\n<div class=\"u-margin-top-xs ice-office-info-pec\">HomePage: <a href=\"https:\/\/www.ice.it\/it\/mercati\/brasile\/san-paolo\">San Paolo (ice.it)<\/a><\/div>\n<div><\/div>\n<div class=\"u-margin-top-xs ice-office-info-pec\"><span class=\"u-textWeight-600\">Giorni di apertura al pubblico:<\/span><span class=\"u-text-r-xs\"><br \/>\nDa Luned\u00ec a Gioved\u00ec: 09:00 &#8211; 18:15 Venerd\u00ec: 09:00 &#8211; 14:00<\/span><\/div>\n<div class=\"u-margin-top-xs ice-office-info-manager\"><span class=\"u-textWeight-600\">Responsabile:<\/span>\u00a0<span class=\"u-text-r-xs\">FERDINANDO FIORE<\/span><\/div>\n<p>&nbsp;<\/p>\n","protected":false},"excerpt":{"rendered":"Istituto Nazionale per il Commercio con l&#8217;estero Av. Paulista, 1963 &#8211; 4\u00ba piano 01311-300 San Paolo (SP) Tel. (011) 2148-7250 E-mail:\u00a0sanpaolo@ice.it Pec:\u00a0sanpaolo@cert.ice.it HomePage: San Paolo (ice.it) Giorni di apertura al pubblico: Da Luned\u00ec a Gioved\u00ec: 09:00 &#8211; 18:15 Venerd\u00ec: 09:00 &#8211; 14:00 Responsabile:\u00a0FERDINANDO FIORE &nbsp;","protected":false},"author":4,"featured_media":0,"parent":674,"menu_order":0,"comment_status":"closed","ping_status":"closed","template":"","meta":{"footnotes":""},"class_list":["post-680","page","type-page","status-publish","hentry"],"_links":{"self":[{"href":"https:\/\/conscuritiba.esteri.it\/pt\/wp-json\/wp\/v2\/pages\/680","targetHints":{"allow":["GET"]}}],"collection":[{"href":"https:\/\/conscuritiba.esteri.it\/pt\/wp-json\/wp\/v2\/pages"}],"about":[{"href":"https:\/\/conscuritiba.esteri.it\/pt\/wp-json\/wp\/v2\/types\/page"}],"author":[{"embeddable":true,"href":"https:\/\/conscuritiba.esteri.it\/pt\/wp-json\/wp\/v2\/users\/4"}],"replies":[{"embeddable":true,"href":"https:\/\/conscuritiba.esteri.it\/pt\/wp-json\/wp\/v2\/comments?post=680"}],"version-history":[{"count":0,"href":"https:\/\/conscuritiba.esteri.it\/pt\/wp-json\/wp\/v2\/pages\/680\/revisions"}],"up":[{"embeddable":true,"href":"https:\/\/conscuritiba.esteri.it\/pt\/wp-json\/wp\/v2\/pages\/674"}],"wp:attachment":[{"href":"https:\/\/conscuritiba.esteri.it\/pt\/wp-json\/wp\/v2\/media?parent=680"}],"curies":[{"name":"wp","href":"https:\/\/api.w.org\/{rel}","templated":true}]}}